{"id":75,"date":"2015-07-29T10:13:57","date_gmt":"2015-07-29T09:13:57","guid":{"rendered":"http:\/\/www.villageliegeois.be\/?page_id=75"},"modified":"2015-08-05T15:22:31","modified_gmt":"2015-08-05T14:22:31","slug":"developpement-durable","status":"publish","type":"page","link":"https:\/\/www.villageliegeois.be\/index.php\/developpement-durable\/","title":{"rendered":"Developpement durable"},"content":{"rendered":"<p><img loading=\"lazy\" decoding=\"async\" src=\"http:\/\/www.villageliegeois.be\/wp-content\/uploads\/2015\/07\/BcarboneSrg.jpg\" alt=\"BcarboneSrg\" width=\"200\" height=\"75\" align=\"right\" \/>D\u00e9j\u00e0 fortement engag\u00e9 au niveau social, nous avons voulu, \u00e0 travers l\u2019op\u00e9ration <strong>\u00ab\u00a0Seraing fait son bilan carbone\u00a0\u00bb<\/strong>, agir \u00e9galement sur le plan environnemental. Nous nous sommes inscrits dans une d\u00e9marche de r\u00e9duction de notre empreinte  carbone. <\/p>\n<p><img loading=\"lazy\" decoding=\"async\" src=\"http:\/\/www.villageliegeois.be\/wp-content\/uploads\/2015\/07\/illuVillage.png\" alt=\"illuVillage\" width=\"557\" height=\"338\" class=\"imgRight4\" \/><br \/>\n<strong>Comment\u00a0?<\/p>\n<ul>\n<li>Utilisation unique de fournisseurs locaux<\/li>\n<li>Isolation efficace<\/li>\n<li>Mise en place d\u2019un chauffage par le sol<\/li>\n<li>Ventilation double flux<\/li>\n<li>Luminaires \u00e0 faible consommation<\/li>\n<li>Utilisation du b\u00e9ton liss\u00e9 comme rev\u00eatement de sol dans les ateliers, c\u2019est utiliser l\u2019inertie thermique de ce mat\u00e9riau pour limiter les besoins de chauffage<\/li>\n<li>Verdurisation des parkings,\u2026<\/li>\n<\/ul>\n<p><\/strong><br \/>\n&nbsp;<br \/>\n&nbsp;<br \/>\nEn 2015, nous avons prolong\u00e9 la d\u00e9marche \u00e0 travers le parcours <strong>\u00ab\u00a0Zecos\u00a0\u00bb<\/strong>, z\u00e9ro \u00e9mission de CO2<\/p>\n<p><strong><\/p>\n<ul>\n<li>R\u00e9glage des installations techniques\u00a0: \u00e9clairage,\u2026<\/li>\n<li>R\u00e9duction des \u00e9ventuelles d\u00e9perditions de chaleur<\/li>\n<li>Optimisation des processus de fabrication<\/li>\n<li>Recyclage des d\u00e9chets<\/li>\n<li>Cr\u00e9ation de synergies industrielles<\/li>\n<li>Sensibilisation des travailleurs aux \u00e9conomies d\u2019\u00e9nergie<\/li>\n<\/ul>\n<p><\/strong><br \/>\n<img loading=\"lazy\" decoding=\"async\" src=\"http:\/\/www.villageliegeois.be\/wp-content\/uploads\/2015\/07\/zecos.png\" alt=\"zecos\" width=\"300\" height=\"116\" border=\"0\" class=\"imgRight5\" \/><\/p>\n","protected":false},"excerpt":{"rendered":"<p>D\u00e9j\u00e0 fortement engag\u00e9 au niveau social, nous avons voulu, \u00e0 travers l\u2019op\u00e9ration \u00ab\u00a0Seraing fait son bilan carbone\u00a0\u00bb, agir \u00e9galement sur le plan environnemental. Nous nous sommes inscrits dans une d\u00e9marche de r\u00e9duction de notre empreinte carbone. Comment\u00a0? Utilisation unique de fournisseurs locaux Isolation efficace Mise en place d\u2019un chauffage par le sol Ventilation double flux [&hellip;]<\/p>\n","protected":false},"author":1,"featured_media":0,"parent":0,"menu_order":0,"comment_status":"closed","ping_status":"closed","template":"page-nosidebar.php","meta":{"_exactmetrics_skip_tracking":false,"_exactmetrics_sitenote_active":false,"_exactmetrics_sitenote_note":"","_exactmetrics_sitenote_category":0,"footnotes":""},"class_list":["post-75","page","type-page","status-publish","hentry"],"_links":{"self":[{"href":"https:\/\/www.villageliegeois.be\/index.php\/wp-json\/wp\/v2\/pages\/75","targetHints":{"allow":["GET"]}}],"collection":[{"href":"https:\/\/www.villageliegeois.be\/index.php\/wp-json\/wp\/v2\/pages"}],"about":[{"href":"https:\/\/www.villageliegeois.be\/index.php\/wp-json\/wp\/v2\/types\/page"}],"author":[{"embeddable":true,"href":"https:\/\/www.villageliegeois.be\/index.php\/wp-json\/wp\/v2\/users\/1"}],"replies":[{"embeddable":true,"href":"https:\/\/www.villageliegeois.be\/index.php\/wp-json\/wp\/v2\/comments?post=75"}],"version-history":[{"count":22,"href":"https:\/\/www.villageliegeois.be\/index.php\/wp-json\/wp\/v2\/pages\/75\/revisions"}],"predecessor-version":[{"id":234,"href":"https:\/\/www.villageliegeois.be\/index.php\/wp-json\/wp\/v2\/pages\/75\/revisions\/234"}],"wp:attachment":[{"href":"https:\/\/www.villageliegeois.be\/index.php\/wp-json\/wp\/v2\/media?parent=75"}],"curies":[{"name":"wp","href":"https:\/\/api.w.org\/{rel}","templated":true}]}}